{"id":15,"date":"2023-02-17T23:54:15","date_gmt":"2023-02-18T02:54:15","guid":{"rendered":"https:\/\/34.168.126.124\/?page_id=15"},"modified":"2023-04-25T19:02:11","modified_gmt":"2023-04-25T22:02:11","slug":"team","status":"publish","type":"page","link":"https:\/\/dmadvocacypr.com\/br\/homepage\/team\/","title":{"rendered":"Equipe"},"content":{"rendered":"<div class=\"su-posts \">\n\n\t\n\t\t\t<div id=\"su-post-60\" class=\"su-post \">\n\n\t\t\t\t\t\t\t\t\t<div class=\"su-post-thumber show-on-scroll\">\n\t\t\t\t\t\t<img width=\"279\" height=\"270\" src=\"https:\/\/dmadvocacypr.com\/wp-content\/uploads\/2023\/03\/fotomelk1_pb-1.png\" class=\"attachment-post-thumbnail size-post-thumbnail wp-post-image\" alt=\"\" decoding=\"async\" loading=\"lazy\" \/>\t\t\t\t\t<\/div>\n\t\t\t\t\n\t\t\t\t<div class=\"su-post-texts\">\n\t\t\t\t\t<h2 class=\"su-post-title show-on-scroll\">\n\t\t\t\t\t\tMelchiades Filho\t\t\t\t\t<\/h2>\n\n\t\t\t\t\t<div class=\"su-post-excerpt show-on-scroll\">\n\t\t\t\t\t\t<p>O s\u00f3cio-diretor da DM Advocacy PR no Brasil \u00e9 um especialista em comunica\u00e7\u00e3o e advocacy com um longo hist\u00f3rico de sucesso em gerenciamento de crises e projetos de public affairs. Melchiades j\u00e1 p\u00f4de aconselhar 12 das 20 maiores empresas brasileiras em valor de mercado e 3 dos 5 unic\u00f3rnios de fintech mais importantes da Am\u00e9rica Latina. Al\u00e9m de liderar a DM Advocacy PR, ele tem sido o conselheiro de confian\u00e7a de muitas ONGs prestigiosas (Transpar\u00eancia Internacional, RenovaBR, Comunitas, Igarap\u00e9, Semeia, Agora e Agni).<\/p>\n<div class=\"su-expand su-expand-collapsed su-expand-link-style-default\" data-height=\"0\"><div class=\"su-expand-content su-u-trim\" style=\"color:#ffffff;max-height:0px;overflow:hidden\">\nPor sete anos (2013-2019), Melchiades foi s\u00f3cio da FSB, a principal ag\u00eancia de rela\u00e7\u00f5es p\u00fablicas da Am\u00e9rica Latina, onde foi respons\u00e1vel por todos os clientes do setor privado. Antes disso, ele passou 26 anos na Folha de S.Paulo, ent\u00e3o o jornal mais influente do Brasil. Melchiades era colunista de pol\u00edtica e diretor da sucursal de Bras\u00edlia do di\u00e1rio quando recebeu o pr\u00eamio de maior distin\u00e7\u00e3o do jornalismo brasileiro (Esso de Contribui\u00e7\u00e3o \u00e0 Imprensa, 2013).<\/div><div class=\"su-expand-link su-expand-link-more\" style=\"text-align:center\"><a href=\"javascript:;\" style=\"color:#ffffff;border-color:#ffffff\"><i class=\"sui sui-angle-down\" style=\"\" aria-label=\"\"><\/i><span style=\"border-color:#ffffff\"><\/span><\/a><\/div><div class=\"su-expand-link su-expand-link-less\" style=\"text-align:center\"><a href=\"javascript:;\" style=\"color:#ffffff;border-color:#ffffff\"><i class=\"sui sui-angle-up\" style=\"\" aria-label=\"\"><\/i><span style=\"border-color:#ffffff\"><\/span><\/a><\/div><\/div>\n\t\t\t\t\t<\/div>\n\n\t\t\t\t<\/div>\n\n\t\t\t<\/div>\n\n\t\t\n\t\n<\/div>\n\n","protected":false},"excerpt":{"rendered":"","protected":false},"author":2,"featured_media":0,"parent":2,"menu_order":30,"comment_status":"closed","ping_status":"closed","template":"","meta":[],"translation":{"provider":"WPGlobus","version":"3.0.2","language":"br","enabled_languages":["en","br"],"languages":{"en":{"title":true,"content":true,"excerpt":false},"br":{"title":true,"content":false,"excerpt":false}}},"_links":{"self":[{"href":"https:\/\/dmadvocacypr.com\/br\/wp-json\/wp\/v2\/pages\/15"}],"collection":[{"href":"https:\/\/dmadvocacypr.com\/br\/wp-json\/wp\/v2\/pages"}],"about":[{"href":"https:\/\/dmadvocacypr.com\/br\/wp-json\/wp\/v2\/types\/page"}],"author":[{"embeddable":true,"href":"https:\/\/dmadvocacypr.com\/br\/wp-json\/wp\/v2\/users\/2"}],"replies":[{"embeddable":true,"href":"https:\/\/dmadvocacypr.com\/br\/wp-json\/wp\/v2\/comments?post=15"}],"version-history":[{"count":3,"href":"https:\/\/dmadvocacypr.com\/br\/wp-json\/wp\/v2\/pages\/15\/revisions"}],"predecessor-version":[{"id":355,"href":"https:\/\/dmadvocacypr.com\/br\/wp-json\/wp\/v2\/pages\/15\/revisions\/355"}],"up":[{"embeddable":true,"href":"https:\/\/dmadvocacypr.com\/br\/wp-json\/wp\/v2\/pages\/2"}],"wp:attachment":[{"href":"https:\/\/dmadvocacypr.com\/br\/wp-json\/wp\/v2\/media?parent=15"}],"curies":[{"name":"wp","href":"https:\/\/api.w.org\/{rel}","templated":true}]}}